{"id":14,"date":"2022-02-16T11:33:25","date_gmt":"2022-02-16T10:33:25","guid":{"rendered":"http:\/\/roggiadeicedri.it\/?page_id=14"},"modified":"2023-01-18T17:31:38","modified_gmt":"2023-01-18T16:31:38","slug":"territorio","status":"publish","type":"page","link":"https:\/\/roggiadeicedri.it\/de\/gebiets\/","title":{"rendered":"Gebiets"},"content":{"rendered":"\t\t<div data-elementor-type=\"wp-page\" data-elementor-id=\"14\" class=\"elementor elementor-14\">\n\t\t\t\t\t\t\t\t\t<section class=\"elementor-section elementor-top-section elementor-element elementor-element-47176a9 elementor-section-full_width elementor-section-height-min-height elementor-section-height-default elementor-section-items-middle\" data-id=\"47176a9\" data-element_type=\"section\" data-settings=\"{&quot;background_background&quot;:&quot;video&quot;,&quot;background_video_link&quot;:&quot;https:\\\/\\\/roggiadeicedri.it\\\/wp-content\\\/uploads\\\/2022\\\/06\\\/video-territorio.mp4&quot;,&quot;background_play_on_mobile&quot;:&quot;yes&quot;}\">\n\t\t\t\t\t\t\t\t<div class=\"elementor-background-video-container\">\n\t\t\t\t\t\t\t\t\t\t\t\t\t<video class=\"elementor-background-video-hosted elementor-html5-video\" autoplay muted playsinline loop><\/video>\n\t\t\t\t\t\t\t\t\t\t\t<\/div>\n\t\t\t\t\t\t\t\t<div class=\"elementor-container elementor-column-gap-default\">\n\t\t\t\t\t<div class=\"elementor-column elementor-col-100 elementor-top-column elementor-element elementor-element-d20d244\" data-id=\"d20d244\" data-element_type=\"column\">\n\t\t\t<div class=\"elementor-widget-wrap elementor-element-populated\">\n\t\t\t\t\t\t\t\t<div class=\"elementor-element elementor-element-5725e67 elementor-widget elementor-widget-heading\" data-id=\"5725e67\" data-element_type=\"widget\" data-widget_type=\"heading.default\">\n\t\t\t\t<div class=\"elementor-widget-container\">\n\t\t\t<h3 class=\"elementor-heading-title elementor-size-default\">Das Gebiet des Prosecco<\/h3>\t\t<\/div>\n\t\t\t\t<\/div>\n\t\t\t\t<div class=\"elementor-element elementor-element-a7b9b02 elementor-widget elementor-widget-heading\" data-id=\"a7b9b02\" data-element_type=\"widget\" data-widget_type=\"heading.default\">\n\t\t\t\t<div class=\"elementor-widget-container\">\n\t\t\t<h1 class=\"elementor-heading-title elementor-size-default\">Valdobbiadene<\/h1>\t\t<\/div>\n\t\t\t\t<\/div>\n\t\t\t\t\t<\/div>\n\t\t<\/div>\n\t\t\t\t\t\t\t<\/div>\n\t\t<\/section>\n\t\t\t\t<section class=\"elementor-section elementor-top-section elementor-element elementor-element-7d41d50 elementor-section-full_width elementor-section-height-default elementor-section-height-default\" data-id=\"7d41d50\" data-element_type=\"section\" data-settings=\"{&quot;background_background&quot;:&quot;classic&quot;}\">\n\t\t\t\t\t\t<div class=\"elementor-container elementor-column-gap-default\">\n\t\t\t\t\t<div class=\"elementor-column elementor-col-33 elementor-top-column elementor-element elementor-element-3f9612d\" data-id=\"3f9612d\" data-element_type=\"column\">\n\t\t\t<div class=\"elementor-widget-wrap\">\n\t\t\t\t\t\t\t\t\t<\/div>\n\t\t<\/div>\n\t\t\t\t<div class=\"elementor-column elementor-col-33 elementor-top-column elementor-element elementor-element-1bb5fbc\" data-id=\"1bb5fbc\" data-element_type=\"column\">\n\t\t\t<div class=\"elementor-widget-wrap elementor-element-populated\">\n\t\t\t\t\t\t\t\t<section class=\"elementor-section elementor-inner-section elementor-element elementor-element-1f451af elementor-section-full_width elementor-section-height-default elementor-section-height-default\" data-id=\"1f451af\" data-element_type=\"section\">\n\t\t\t\t\t\t<div class=\"elementor-container elementor-column-gap-default\">\n\t\t\t\t\t<div class=\"elementor-column elementor-col-50 elementor-inner-column elementor-element elementor-element-935e8d2\" data-id=\"935e8d2\" data-element_type=\"column\">\n\t\t\t<div class=\"elementor-widget-wrap elementor-element-populated\">\n\t\t\t\t\t\t\t\t<div class=\"elementor-element elementor-element-eec7522 elementor-widget elementor-widget-breadcrumbs\" data-id=\"eec7522\" data-element_type=\"widget\" data-widget_type=\"breadcrumbs.default\">\n\t\t\t\t<div class=\"elementor-widget-container\">\n\t\t\t<p id=\"breadcrumbs\"><span><span><a href=\"https:\/\/roggiadeicedri.it\/\">Startseite<\/a><\/span><\/span><\/p>\t\t<\/div>\n\t\t\t\t<\/div>\n\t\t\t\t<div class=\"elementor-element elementor-element-96c9543 elementor-widget elementor-widget-heading\" data-id=\"96c9543\" data-element_type=\"widget\" data-widget_type=\"heading.default\">\n\t\t\t\t<div class=\"elementor-widget-container\">\n\t\t\t<h3 class=\"elementor-heading-title elementor-size-default\">Eingebettet in die Natur<\/h3>\t\t<\/div>\n\t\t\t\t<\/div>\n\t\t\t\t<div class=\"elementor-element elementor-element-5d914c4 elementor-widget elementor-widget-heading\" data-id=\"5d914c4\" data-element_type=\"widget\" data-widget_type=\"heading.default\">\n\t\t\t\t<div class=\"elementor-widget-container\">\n\t\t\t<h2 class=\"elementor-heading-title elementor-size-default\">Die H\u00fcgel<\/h2>\t\t<\/div>\n\t\t\t\t<\/div>\n\t\t\t\t<div class=\"elementor-element elementor-element-f0acca2 elementor-hidden-laptop elementor-widget elementor-widget-spacer\" data-id=\"f0acca2\" data-element_type=\"widget\" data-widget_type=\"spacer.default\">\n\t\t\t\t<div class=\"elementor-widget-container\">\n\t\t\t\t\t<div class=\"elementor-spacer\">\n\t\t\t<div class=\"elementor-spacer-inner\"><\/div>\n\t\t<\/div>\n\t\t\t\t<\/div>\n\t\t\t\t<\/div>\n\t\t\t\t<div class=\"elementor-element elementor-element-d1dc97d elementor-widget elementor-widget-image\" data-id=\"d1dc97d\" data-element_type=\"widget\" data-widget_type=\"image.default\">\n\t\t\t\t<div class=\"elementor-widget-container\">\n\t\t\t\t\t\t\t\t\t\t\t\t\t\t\t<img decoding=\"async\" width=\"800\" height=\"450\" src=\"https:\/\/roggiadeicedri.it\/wp-content\/uploads\/2022\/02\/pianezze3-1024x576.jpg\" class=\"attachment-large size-large wp-image-528\" alt=\"Territorio di Valdobbiadene\" srcset=\"https:\/\/roggiadeicedri.it\/wp-content\/uploads\/2022\/02\/pianezze3-1024x576.jpg 1024w, https:\/\/roggiadeicedri.it\/wp-content\/uploads\/2022\/02\/pianezze3-300x169.jpg 300w, https:\/\/roggiadeicedri.it\/wp-content\/uploads\/2022\/02\/pianezze3-768x432.jpg 768w, https:\/\/roggiadeicedri.it\/wp-content\/uploads\/2022\/02\/pianezze3-1536x864.jpg 1536w, https:\/\/roggiadeicedri.it\/wp-content\/uploads\/2022\/02\/pianezze3.jpg 1920w\" sizes=\"(max-width: 800px) 100vw, 800px\" \/>\t\t\t\t\t\t\t\t\t\t\t\t\t\t\t<\/div>\n\t\t\t\t<\/div>\n\t\t\t\t\t<\/div>\n\t\t<\/div>\n\t\t\t\t<div class=\"elementor-column elementor-col-50 elementor-inner-column elementor-element elementor-element-56cded5\" data-id=\"56cded5\" data-element_type=\"column\">\n\t\t\t<div class=\"elementor-widget-wrap elementor-element-populated\">\n\t\t\t\t\t\t\t\t<div class=\"elementor-element elementor-element-8a9fbd0 elementor-widget elementor-widget-text-editor\" data-id=\"8a9fbd0\" data-element_type=\"widget\" data-widget_type=\"text-editor.default\">\n\t\t\t\t<div class=\"elementor-widget-container\">\n\t\t\t\t\t\t\t<p>Das Gebiet, das unser Resort umgibt, <strong>sind die H\u00fcgel von Prosecco di Conegliano und Valdobbiadene Superiore DOCG<\/strong> (\u201ekontrollierte und garantierte Herkunftsbezeichnung\u201c), ein besonderes Gebiet, umgeben von Natur und Weinbergen.<\/p><p>Seit 2019 sind sie in der Liste des U<strong>NESCO-Welterbe<\/strong> aufgef\u00fchrt.<\/p><p>Wenn man Valdobbiadene erlebt, steht man in engem Kontakt mit der Natur und liebt das Hauptprodukt dieses Gebiets, Valdobbiadene Superiore DOCG.<br \/>Von unseren Stra\u00dfen aus k\u00f6nnen Sie das Gr\u00fcne der Weinberge und zwischen Juli und Oktober die strohgelbe Farbe unserer Trauben bewundern.<\/p>\t\t\t\t\t\t<\/div>\n\t\t\t\t<\/div>\n\t\t\t\t\t<\/div>\n\t\t<\/div>\n\t\t\t\t\t\t\t<\/div>\n\t\t<\/section>\n\t\t\t\t\t<\/div>\n\t\t<\/div>\n\t\t\t\t<div class=\"elementor-column elementor-col-33 elementor-top-column elementor-element elementor-element-3bd2c04\" data-id=\"3bd2c04\" data-element_type=\"column\">\n\t\t\t<div class=\"elementor-widget-wrap\">\n\t\t\t\t\t\t\t\t\t<\/div>\n\t\t<\/div>\n\t\t\t\t\t\t\t<\/div>\n\t\t<\/section>\n\t\t\t\t<section class=\"elementor-section elementor-top-section elementor-element elementor-element-6833e89 elementor-section-full_width elementor-section-height-default elementor-section-height-default\" data-id=\"6833e89\" data-element_type=\"section\" data-settings=\"{&quot;background_background&quot;:&quot;classic&quot;}\">\n\t\t\t\t\t\t\t<div class=\"elementor-background-overlay\"><\/div>\n\t\t\t\t\t\t\t<div class=\"elementor-container elementor-column-gap-default\">\n\t\t\t\t\t<div class=\"elementor-column elementor-col-33 elementor-top-column elementor-element elementor-element-8ad2825\" data-id=\"8ad2825\" data-element_type=\"column\" data-settings=\"{&quot;background_background&quot;:&quot;classic&quot;}\">\n\t\t\t<div class=\"elementor-widget-wrap\">\n\t\t\t\t\t\t\t\t\t<\/div>\n\t\t<\/div>\n\t\t\t\t<div class=\"elementor-column elementor-col-33 elementor-top-column elementor-element elementor-element-e389640\" data-id=\"e389640\" data-element_type=\"column\" data-settings=\"{&quot;background_background&quot;:&quot;classic&quot;}\">\n\t\t\t<div class=\"elementor-widget-wrap elementor-element-populated\">\n\t\t\t\t\t\t\t\t<div class=\"elementor-element elementor-element-afe3601 elementor-widget elementor-widget-text-editor\" data-id=\"afe3601\" data-element_type=\"widget\" data-widget_type=\"text-editor.default\">\n\t\t\t\t<div class=\"elementor-widget-container\">\n\t\t\t\t\t\t\t<p>Das Gebiet von Valdobbiadene ist durch eine stark anthropogen gepr\u00e4gte voralpine H\u00fcgellandschaft gekennzeichnet.\u00a0<br \/>Die menschlichen Einfl\u00fcsse haben dazu beigetragen, dass sich hier seit der Antike eine Reihe von kleinen Siedlungen gebildet hat.<br \/>Es handelt sich um eine Konstellation <strong>l\u00e4ndlicher Kerne<\/strong>, die ihre Daseinsberechtigung in ihrer Beziehung zum Land und zur b\u00e4uerlichen Arbeit gefunden haben. Das heutige Landschaftsbild der H\u00fcgel und der bergnahen Gebiete ist das Ergebnis einer bewussten Umgestaltung der nat\u00fcrlichen Umwelt als Folge der landwirtschaftlichen T\u00e4tigkeit. Neben den l\u00e4ndlichen Geb\u00e4uden gibt es auch zahlreiche <strong>Zeugnisse des l\u00e4ndlichen Lebens und der Handwerkskunst<\/strong>. Dazu geh\u00f6ren die zahlreichen <strong>Bew\u00e4sserungsgr\u00e4ben, Brunnen, Tr\u00e4nken und Waschh\u00e4user<\/strong>.<\/p>\t\t\t\t\t\t<\/div>\n\t\t\t\t<\/div>\n\t\t\t\t\t<\/div>\n\t\t<\/div>\n\t\t\t\t<div class=\"elementor-column elementor-col-33 elementor-top-column elementor-element elementor-element-a494dfd\" data-id=\"a494dfd\" data-element_type=\"column\">\n\t\t\t<div class=\"elementor-widget-wrap\">\n\t\t\t\t\t\t\t\t\t<\/div>\n\t\t<\/div>\n\t\t\t\t\t\t\t<\/div>\n\t\t<\/section>\n\t\t\t\t<section class=\"elementor-section elementor-top-section elementor-element elementor-element-6647381 elementor-section-full_width elementor-section-height-default elementor-section-height-default\" data-id=\"6647381\" data-element_type=\"section\" data-settings=\"{&quot;background_background&quot;:&quot;classic&quot;}\">\n\t\t\t\t\t\t\t<div class=\"elementor-background-overlay\"><\/div>\n\t\t\t\t\t\t\t<div class=\"elementor-container elementor-column-gap-default\">\n\t\t\t\t\t<div class=\"elementor-column elementor-col-100 elementor-top-column elementor-element elementor-element-f7ed3cb\" data-id=\"f7ed3cb\" data-element_type=\"column\">\n\t\t\t<div class=\"elementor-widget-wrap elementor-element-populated\">\n\t\t\t\t\t\t\t\t<section class=\"elementor-section elementor-inner-section elementor-element elementor-element-ff0a129 elementor-section-boxed elementor-section-height-default elementor-section-height-default\" data-id=\"ff0a129\" data-element_type=\"section\">\n\t\t\t\t\t\t<div class=\"elementor-container elementor-column-gap-default\">\n\t\t\t\t\t<div class=\"elementor-column elementor-col-100 elementor-inner-column elementor-element elementor-element-1bae0d2\" data-id=\"1bae0d2\" data-element_type=\"column\">\n\t\t\t<div class=\"elementor-widget-wrap elementor-element-populated\">\n\t\t\t\t\t\t\t\t<div class=\"elementor-element elementor-element-1db779b elementor-widget elementor-widget-heading\" data-id=\"1db779b\" data-element_type=\"widget\" data-widget_type=\"heading.default\">\n\t\t\t\t<div class=\"elementor-widget-container\">\n\t\t\t<h3 class=\"elementor-heading-title elementor-size-default\">Nat\u00fcrlicher Kanal<\/h3>\t\t<\/div>\n\t\t\t\t<\/div>\n\t\t\t\t<div class=\"elementor-element elementor-element-59bfc50 elementor-widget elementor-widget-heading\" data-id=\"59bfc50\" data-element_type=\"widget\" data-widget_type=\"heading.default\">\n\t\t\t\t<div class=\"elementor-widget-container\">\n\t\t\t<h2 class=\"elementor-heading-title elementor-size-default\">Der Roggia unserer Realit\u00e4t<\/h2>\t\t<\/div>\n\t\t\t\t<\/div>\n\t\t\t\t\t<\/div>\n\t\t<\/div>\n\t\t\t\t\t\t\t<\/div>\n\t\t<\/section>\n\t\t\t\t<section class=\"elementor-section elementor-inner-section elementor-element elementor-element-a036584 elementor-section-boxed elementor-section-height-default elementor-section-height-default\" data-id=\"a036584\" data-element_type=\"section\">\n\t\t\t\t\t\t<div class=\"elementor-container elementor-column-gap-default\">\n\t\t\t\t\t<div class=\"elementor-column elementor-col-50 elementor-inner-column elementor-element elementor-element-08a59ec elementor-hidden-tablet_extra elementor-hidden-tablet elementor-hidden-mobile_extra elementor-hidden-mobile\" data-id=\"08a59ec\" data-element_type=\"column\">\n\t\t\t<div class=\"elementor-widget-wrap\">\n\t\t\t\t\t\t\t\t\t<\/div>\n\t\t<\/div>\n\t\t\t\t<div class=\"elementor-column elementor-col-50 elementor-inner-column elementor-element elementor-element-b02faa4\" data-id=\"b02faa4\" data-element_type=\"column\">\n\t\t\t<div class=\"elementor-widget-wrap elementor-element-populated\">\n\t\t\t\t\t\t\t\t<div class=\"elementor-element elementor-element-9dc7d49 elementor-widget elementor-widget-text-editor\" data-id=\"9dc7d49\" data-element_type=\"widget\" data-widget_type=\"text-editor.default\">\n\t\t\t\t<div class=\"elementor-widget-container\">\n\t\t\t\t\t\t\t<p>Jeder Platz, jede Contrada hatte einen Brunnen, ein Waschhaus, einen Trog.<br \/>Sie dienten der Wasserversorgung, dem W\u00e4schewaschen und versorgten Tiere mit Wasser. Aber sie hatten nicht nur eine logistische Funktion, sondern auch eine wichtige soziale Rolle. Wanderer machten dort Halt, Frauen gingen dorthin, Bauern und ihr Vieh wurden dort bewirtet. Die Tr\u00e4nke war ein Treffpunkt, ein Ort der Geselligkeit, des Erfahrungsaustauschs und der Begegnung.<br \/><br \/><\/p><p>Im Gebiet von Valdobbiadene sind durch den Kontakt zwischen durchl\u00e4ssigen und wasserf\u00fchrenden geologischen Formationen (rissiger Kalkstein) und undurchl\u00e4ssigen Formationen (Ton) die Voraussetzungen f\u00fcr die Bildung von Grundwasserleitern geschaffen worden, die zahlreiche Quellen speisen, die von Aqu\u00e4dukten, Brunnen und Quellen aufgefangen werden.<\/p>\t\t\t\t\t\t<\/div>\n\t\t\t\t<\/div>\n\t\t\t\t\t<\/div>\n\t\t<\/div>\n\t\t\t\t\t\t\t<\/div>\n\t\t<\/section>\n\t\t\t\t\t<\/div>\n\t\t<\/div>\n\t\t\t\t\t\t\t<\/div>\n\t\t<\/section>\n\t\t\t\t<section class=\"elementor-section elementor-top-section elementor-element elementor-element-b724036 elementor-section-boxed elementor-section-height-default elementor-section-height-default\" data-id=\"b724036\" data-element_type=\"section\" data-settings=\"{&quot;background_background&quot;:&quot;classic&quot;}\">\n\t\t\t\t\t\t<div class=\"elementor-container elementor-column-gap-default\">\n\t\t\t\t\t<div class=\"elementor-column elementor-col-100 elementor-top-column elementor-element elementor-element-e48dba8\" data-id=\"e48dba8\" data-element_type=\"column\">\n\t\t\t<div class=\"elementor-widget-wrap elementor-element-populated\">\n\t\t\t\t\t\t\t\t<div class=\"elementor-element elementor-element-20348bf elementor-widget elementor-widget-text-editor\" data-id=\"20348bf\" data-element_type=\"widget\" data-widget_type=\"text-editor.default\">\n\t\t\t\t<div class=\"elementor-widget-container\">\n\t\t\t\t\t\t\t<p>Lungo il <strong>torrente la Cordana<\/strong>, prima della costruzione dell&#8217;acquedotto comunale, vi erano alcune fontane le cui acque venivano utilizzate a scopo potabile e per usi civili, le quali venivano alimentate dall&#8217;omonima sorgente derivante appunto dalla falda acquifera collocata poco pi\u00f9 a monte.<\/p>\t\t\t\t\t\t<\/div>\n\t\t\t\t<\/div>\n\t\t\t\t<div class=\"elementor-element elementor-element-cc25c97 elementor-widget-tablet__width-inherit elementor-widget elementor-widget-image\" data-id=\"cc25c97\" data-element_type=\"widget\" data-widget_type=\"image.default\">\n\t\t\t\t<div class=\"elementor-widget-container\">\n\t\t\t\t\t\t\t\t\t\t\t\t\t\t\t<img decoding=\"async\" width=\"2000\" height=\"1150\" src=\"https:\/\/roggiadeicedri.it\/wp-content\/uploads\/2022\/07\/lavatoio-e1674053843169.jpg\" class=\"attachment-full size-full wp-image-1746\" alt=\"Lavatoio\" srcset=\"https:\/\/roggiadeicedri.it\/wp-content\/uploads\/2022\/07\/lavatoio-e1674053843169.jpg 2000w, https:\/\/roggiadeicedri.it\/wp-content\/uploads\/2022\/07\/lavatoio-e1674053843169-300x173.jpg 300w, https:\/\/roggiadeicedri.it\/wp-content\/uploads\/2022\/07\/lavatoio-e1674053843169-1024x589.jpg 1024w, https:\/\/roggiadeicedri.it\/wp-content\/uploads\/2022\/07\/lavatoio-e1674053843169-768x442.jpg 768w, https:\/\/roggiadeicedri.it\/wp-content\/uploads\/2022\/07\/lavatoio-e1674053843169-1536x883.jpg 1536w\" sizes=\"(max-width: 2000px) 100vw, 2000px\" \/>\t\t\t\t\t\t\t\t\t\t\t\t\t\t\t<\/div>\n\t\t\t\t<\/div>\n\t\t\t\t<div class=\"elementor-element elementor-element-0db18a7 elementor-widget elementor-widget-text-editor\" data-id=\"0db18a7\" data-element_type=\"widget\" data-widget_type=\"text-editor.default\">\n\t\t\t\t<div class=\"elementor-widget-container\">\n\t\t\t\t\t\t\t<p>Le fontane che troviamo lungo questo tratto di canale, dalla sorgente all&#8217;area dell&#8217;ex filanda Piva sono:<\/p><ul><li>area della sorgente &#171;Cordana&#187;: fontana\/lavatoio individuabile nell&#8217;omonimo &#171;lavatoio Cordana&#187;, dotato di galleria di presa, vasca raccolta acque, fontana e lavatoio; centro dell&#8217;antico aggregato abitativo della Cordana;<\/li><li>area del <strong>Parco di Villa dei Cedri<\/strong>: sorgente-fontana collocata all&#8217;interno del Parco di Villa dei Cedri lungo la linea dei canali interrati che alimentavano le ruote dei <strong>mulini<\/strong>\/filatoi;\u00a0<\/li><li>area a sud di <strong>Via Molini<\/strong>: lavatoio composto da fontana con colonna in ghisa, vasca raccolta, acqua\/lavatoio in blocco di cemento monolitico, organizzata su due livelli funzionali legati ai canali di adduzione dell&#8217;acqua;<\/li><li>area posta a sud di Viale Mazzini: fontana oggi non pi\u00f9 visibile.<\/li><\/ul>\t\t\t\t\t\t<\/div>\n\t\t\t\t<\/div>\n\t\t\t\t\t<\/div>\n\t\t<\/div>\n\t\t\t\t\t\t\t<\/div>\n\t\t<\/section>\n\t\t\t\t\t\t\t<\/div>\n\t\t","protected":false},"excerpt":{"rendered":"<p>Il territorio del prosecco Valdobbiadene Immersi nella natura Le colline Il territorio che circonda la nostra struttura sono le colline del Prosecco di Conegliano e Valdobbiadene Superiore DOCG, un territorio speciale immerso nella natura e nei vigneti. Dal 2019 sono state iscritte nella lista del Patrimonio Mondiale Unesco. Vivere Valdobbiadene significa stare a stretto contatto [&hellip;]<\/p>\n","protected":false},"author":1,"featured_media":528,"parent":0,"menu_order":0,"comment_status":"closed","ping_status":"closed","template":"","meta":[],"yoast_head":"<!-- This site is optimized with the Yoast SEO plugin v20.1 - https:\/\/yoast.com\/wordpress\/plugins\/seo\/ -->\n<title>Gebiets - Roggia dei Cedri<\/title>\n<meta name=\"robots\" content=\"index, follow, max-snippet:-1, max-image-preview:large, max-video-preview:-1\" \/>\n<link rel=\"canonical\" href=\"https:\/\/roggiadeicedri.it\/de\/gebiets\/\" \/>\n<meta property=\"og:locale\" content=\"de_DE\" \/>\n<meta property=\"og:type\" content=\"article\" \/>\n<meta property=\"og:title\" content=\"Gebiets - Roggia dei Cedri\" \/>\n<meta property=\"og:url\" content=\"https:\/\/roggiadeicedri.it\/de\/gebiets\/\" \/>\n<meta property=\"og:site_name\" content=\"Roggia dei Cedri\" \/>\n<meta property=\"article:modified_time\" content=\"2023-01-18T16:31:38+00:00\" \/>\n<meta property=\"og:image\" content=\"https:\/\/roggiadeicedri.it\/wp-content\/uploads\/2022\/02\/pianezze3.jpg\" \/>\n\t<meta property=\"og:image:width\" content=\"1920\" \/>\n\t<meta property=\"og:image:height\" content=\"1080\" \/>\n\t<meta property=\"og:image:type\" content=\"image\/jpeg\" \/>\n<meta name=\"twitter:card\" content=\"summary_large_image\" \/>\n<meta name=\"twitter:label1\" content=\"Est. reading time\" \/>\n\t<meta name=\"twitter:data1\" content=\"3 Minuten\" \/>\n<script type=\"application\/ld+json\" class=\"yoast-schema-graph\">{\"@context\":\"https:\/\/schema.org\",\"@graph\":[{\"@type\":\"WebPage\",\"@id\":\"https:\/\/roggiadeicedri.it\/de\/de\/gebiets\/\",\"url\":\"https:\/\/roggiadeicedri.it\/de\/de\/gebiets\/\",\"name\":\"Territorio - Roggia dei Cedri\",\"isPartOf\":{\"@id\":\"https:\/\/roggiadeicedri.it\/#website\"},\"datePublished\":\"2022-02-16T10:33:25+00:00\",\"dateModified\":\"2023-01-18T16:31:38+00:00\",\"description\":\"Il territorio che circonda Roggia dei Cedri sono le colline del Prosecco di Conegliano e Valdobbiadene DOCG, Patrimonio Mondiale Unesco.\",\"breadcrumb\":{\"@id\":\"https:\/\/roggiadeicedri.it\/de\/gebiets\/#breadcrumb\"},\"inLanguage\":\"de-CH\",\"potentialAction\":[{\"@type\":\"ReadAction\",\"target\":[\"https:\/\/roggiadeicedri.it\/de\/gebiets\/\"]}]},{\"@type\":\"BreadcrumbList\",\"@id\":\"https:\/\/roggiadeicedri.it\/de\/gebiets\/#breadcrumb\",\"itemListElement\":[{\"@type\":\"ListItem\",\"position\":1,\"name\":\"Startseite\",\"item\":\"https:\/\/roggiadeicedri.it\/\"},{\"@type\":\"ListItem\",\"position\":2,\"name\":\"Gebiets\"}]},{\"@type\":\"WebSite\",\"@id\":\"https:\/\/roggiadeicedri.it\/de\/#website\",\"url\":\"https:\/\/roggiadeicedri.it\/de\/\",\"name\":\"Roggia dei Cedri\",\"description\":\"Ein entspannender Ausflug nach Valdobbiadene\",\"publisher\":{\"@id\":\"https:\/\/roggiadeicedri.it\/de\/#organization\"},\"potentialAction\":[{\"@type\":\"SearchAction\",\"target\":{\"@type\":\"EntryPoint\",\"urlTemplate\":\"https:\/\/roggiadeicedri.it\/de\/?s={search_term_string}\"},\"query-input\":\"required name=search_term_string\"}],\"inLanguage\":\"de-CH\"},{\"@type\":\"Organization\",\"@id\":\"https:\/\/roggiadeicedri.it\/de\/#organization\",\"name\":\"Roggia dei Cedri\",\"url\":\"https:\/\/roggiadeicedri.it\/de\/\",\"logo\":{\"@type\":\"ImageObject\",\"inLanguage\":\"de-CH\",\"@id\":\"https:\/\/roggiadeicedri.it\/de\/#\/schema\/logo\/image\/\",\"url\":\"https:\/\/roggiadeicedri.it\/wp-content\/uploads\/2022\/06\/Logo-Roggia-dei-Cedri_trasparente.png\",\"contentUrl\":\"https:\/\/roggiadeicedri.it\/wp-content\/uploads\/2022\/06\/Logo-Roggia-dei-Cedri_trasparente.png\",\"width\":2084,\"height\":2084,\"caption\":\"Roggia dei Cedri\"},\"image\":{\"@id\":\"https:\/\/roggiadeicedri.it\/de\/#\/schema\/logo\/image\/\"}}]}<\/script>\n<!-- \/ Yoast SEO plugin. -->","yoast_head_json":{"title":"Gebiets - Roggia dei Cedri","robots":{"index":"index","follow":"follow","max-snippet":"max-snippet:-1","max-image-preview":"max-image-preview:large","max-video-preview":"max-video-preview:-1"},"canonical":"https:\/\/roggiadeicedri.it\/de\/gebiets\/","og_locale":"de_DE","og_type":"article","og_title":"Gebiets - Roggia dei Cedri","og_url":"https:\/\/roggiadeicedri.it\/de\/gebiets\/","og_site_name":"Roggia dei Cedri","article_modified_time":"2023-01-18T16:31:38+00:00","og_image":[{"width":1920,"height":1080,"url":"https:\/\/roggiadeicedri.it\/wp-content\/uploads\/2022\/02\/pianezze3.jpg","type":"image\/jpeg"}],"twitter_card":"summary_large_image","twitter_misc":{"Est. reading time":"3 Minuten"},"schema":{"@context":"https:\/\/schema.org","@graph":[{"@type":"WebPage","@id":"https:\/\/roggiadeicedri.it\/de\/de\/gebiets\/","url":"https:\/\/roggiadeicedri.it\/de\/de\/gebiets\/","name":"Territorio - Roggia dei Cedri","isPartOf":{"@id":"https:\/\/roggiadeicedri.it\/#website"},"datePublished":"2022-02-16T10:33:25+00:00","dateModified":"2023-01-18T16:31:38+00:00","description":"Il territorio che circonda Roggia dei Cedri sono le colline del Prosecco di Conegliano e Valdobbiadene DOCG, Patrimonio Mondiale Unesco.","breadcrumb":{"@id":"https:\/\/roggiadeicedri.it\/de\/gebiets\/#breadcrumb"},"inLanguage":"de-CH","potentialAction":[{"@type":"ReadAction","target":["https:\/\/roggiadeicedri.it\/de\/gebiets\/"]}]},{"@type":"BreadcrumbList","@id":"https:\/\/roggiadeicedri.it\/de\/gebiets\/#breadcrumb","itemListElement":[{"@type":"ListItem","position":1,"name":"Startseite","item":"https:\/\/roggiadeicedri.it\/"},{"@type":"ListItem","position":2,"name":"Gebiets"}]},{"@type":"WebSite","@id":"https:\/\/roggiadeicedri.it\/de\/#website","url":"https:\/\/roggiadeicedri.it\/de\/","name":"Roggia dei Cedri","description":"Ein entspannender Ausflug nach Valdobbiadene","publisher":{"@id":"https:\/\/roggiadeicedri.it\/de\/#organization"},"potentialAction":[{"@type":"SearchAction","target":{"@type":"EntryPoint","urlTemplate":"https:\/\/roggiadeicedri.it\/de\/?s={search_term_string}"},"query-input":"required name=search_term_string"}],"inLanguage":"de-CH"},{"@type":"Organization","@id":"https:\/\/roggiadeicedri.it\/de\/#organization","name":"Roggia dei Cedri","url":"https:\/\/roggiadeicedri.it\/de\/","logo":{"@type":"ImageObject","inLanguage":"de-CH","@id":"https:\/\/roggiadeicedri.it\/de\/#\/schema\/logo\/image\/","url":"https:\/\/roggiadeicedri.it\/wp-content\/uploads\/2022\/06\/Logo-Roggia-dei-Cedri_trasparente.png","contentUrl":"https:\/\/roggiadeicedri.it\/wp-content\/uploads\/2022\/06\/Logo-Roggia-dei-Cedri_trasparente.png","width":2084,"height":2084,"caption":"Roggia dei Cedri"},"image":{"@id":"https:\/\/roggiadeicedri.it\/de\/#\/schema\/logo\/image\/"}}]}},"_links":{"self":[{"href":"https:\/\/roggiadeicedri.it\/de\/wp-json\/wp\/v2\/pages\/14"}],"collection":[{"href":"https:\/\/roggiadeicedri.it\/de\/wp-json\/wp\/v2\/pages"}],"about":[{"href":"https:\/\/roggiadeicedri.it\/de\/wp-json\/wp\/v2\/types\/page"}],"author":[{"embeddable":true,"href":"https:\/\/roggiadeicedri.it\/de\/wp-json\/wp\/v2\/users\/1"}],"replies":[{"embeddable":true,"href":"https:\/\/roggiadeicedri.it\/de\/wp-json\/wp\/v2\/comments?post=14"}],"version-history":[{"count":216,"href":"https:\/\/roggiadeicedri.it\/de\/wp-json\/wp\/v2\/pages\/14\/revisions"}],"predecessor-version":[{"id":3988,"href":"https:\/\/roggiadeicedri.it\/de\/wp-json\/wp\/v2\/pages\/14\/revisions\/3988"}],"wp:featuredmedia":[{"embeddable":true,"href":"https:\/\/roggiadeicedri.it\/de\/wp-json\/wp\/v2\/media\/528"}],"wp:attachment":[{"href":"https:\/\/roggiadeicedri.it\/de\/wp-json\/wp\/v2\/media?parent=14"}],"curies":[{"name":"wp","href":"https:\/\/api.w.org\/{rel}","templated":true}]}}